{"id":95287,"date":"2024-10-23T19:29:28","date_gmt":"2024-10-23T17:29:28","guid":{"rendered":"https:\/\/www.secvergnaud.com\/?page_id=95287"},"modified":"2024-10-23T19:29:28","modified_gmt":"2024-10-23T17:29:28","slug":"mentions-legales","status":"publish","type":"page","link":"https:\/\/www.secvergnaud.com\/index.php\/mentions-legales\/","title":{"rendered":"Mentions L\u00e9gales"},"content":{"rendered":"\n<p><strong>Les Mentions L\u00e9gales s\u2019appliquent \u00e0 tout internaute utilisant le pr\u00e9sent site.<\/strong><\/p>\n\n\n\n<p>En le consultant, vous vous engagez sans r\u00e9serve \u00e0 les respecter.<\/p>\n\n\n\n<p>Les Mentions L\u00e9gales pouvant \u00eatre modifi\u00e9es \u00e0 tout moment et sans pr\u00e9avis, nous vous engageons \u00e0 les consulter r\u00e9guli\u00e8rement.<\/p>\n\n\n\n<p><strong><u>\u00c9diteur \/ Responsable du site<\/u><\/strong><strong>&nbsp;:<\/strong><\/p>\n\n\n\n<p><strong>D\u00e9nomination ou raison sociale&nbsp;:&nbsp;<em>SEC VERGNAUD &amp; Associ\u00e9s<\/em><\/strong><\/p>\n\n\n\n<p><strong>Adresse Si\u00e8ge social:&nbsp;<em>2 rue de l\u2019ang\u00e9lique \u2013 79 000 BESSINES<\/em><\/strong><\/p>\n\n\n\n<p><strong>Num\u00e9ro SIREN :&nbsp;<em>810 837 369<\/em><\/strong><\/p>\n\n\n\n<p><strong>Capital social:&nbsp;<em>20 000 \u20ac<\/em><\/strong><\/p>\n\n\n\n<p><strong>Num\u00e9ro de t\u00e9l\u00e9phone:&nbsp;<em>05 49 04 48 00<\/em><\/strong><\/p>\n\n\n\n<p><strong><u>Directeur de publication<\/u><\/strong><strong>&nbsp;:<\/strong><\/p>\n\n\n\n<p><strong>Nom pr\u00e9nom :&nbsp;<em>VERGNAUD Fran\u00e7ois<\/em><\/strong><\/p>\n\n\n\n<p><strong><u>H\u00e9bergement :<\/u><\/strong><\/p>\n\n\n\n<p><strong>H\u00e9bergement :<\/strong>&nbsp;Soci\u00e9t\u00e9 OVH SAS 2 rue Kellermann &#8211; 59100 Roubaix &#8211; France<\/p>\n\n\n\n<p><strong>Conception :<\/strong>&nbsp;Fran\u00e7ois VERGNAUD<\/p>\n\n\n\n<p><strong>D\u00e9veloppement :<\/strong>&nbsp;Fran\u00e7ois VERGNAUD<\/p>\n\n\n\n<p><strong>Propri\u00e9t\u00e9 intellectuelle<\/strong><\/p>\n\n\n\n<p>Le site est exploit\u00e9 par l\u2019Editeur du site.<\/p>\n\n\n\n<p>La pr\u00e9sentation et chacun des \u00e9l\u00e9ments, y compris les marques et logos apparaissant sur le site sont prot\u00e9g\u00e9s par les lois en vigueur sur la propri\u00e9t\u00e9 intellectuelle, et appartiennent \u00e0 l\u2019Editeur du site, ou font l\u2019objet d\u2019une autorisation d\u2019utilisation.<\/p>\n\n\n\n<p>Aucun \u00e9l\u00e9ment composant le site ne peut \u00eatre copi\u00e9, reproduit, modifi\u00e9, r\u00e9\u00e9dit\u00e9, charg\u00e9, d\u00e9natur\u00e9, transmis ou distribu\u00e9 de quelque mani\u00e8re que ce soit, sous quelque support que ce soit, de fa\u00e7on partielle ou int\u00e9grale, sans l\u2019autorisation \u00e9crite et pr\u00e9alable de l\u2019Editeur du site. Seule la copie \u00e0 usage priv\u00e9 est autoris\u00e9e pour votre usage personnel, priv\u00e9 et non-commercial, sur votre ordinateur personnel.<\/p>\n\n\n\n<p>Toute utilisation autoris\u00e9e des \u00e9l\u00e9ments composant ou figurant le site doit se faire sans d\u00e9naturation, modification ou alt\u00e9ration de quelque mani\u00e8re que ce soit.<\/p>\n\n\n\n<p>L\u2019Editeur du site se r\u00e9serve le droit de poursuivre tout acte de contrefa\u00e7on de ses droits de propri\u00e9t\u00e9 intellectuelle.<\/p>\n\n\n\n<p><strong>Liens vers d\u2019autres sites<\/strong><\/p>\n\n\n\n<p>Afin de faciliter l\u2019acc\u00e8s \u00e0 d\u2019autres sites susceptibles d\u2019apporter un compl\u00e9ment d\u2019information, l\u2019Editeur ont ins\u00e9r\u00e9 dans le site un certain nombre de liens. N\u00e9anmoins, la responsabilit\u00e9 de l\u2019Editeur du site ne saurait \u00eatre engag\u00e9e au titre d\u2019un site tiers auquel vous auriez acc\u00e8s via un lien hypertexte sur le pr\u00e9sent site. L\u2019Editeur du site ne dispose d\u2019aucun moyen de contr\u00f4le du contenu de ces sites tiers. En tout \u00e9tat de cause, l\u2019Editeur du site n\u2019est pas responsable de l\u2019indisponibilit\u00e9 des sites, de leur contenu, publicit\u00e9 ou autres \u00e9l\u00e9ments disponibles sur des sites tiers. L\u2019Editeur du site ne saurait en aucun cas \u00eatre tenu responsable du contenu des sites reli\u00e9s au sien par des liens hypertextes. L\u2019utilisation de ces sites incombe pleinement \u00e0 leur auteur. Le contenu de ces sites a pu \u00eatre modifi\u00e9, sans que l\u2019Editeur du site n\u2019en ait eu connaissance. En outre, il vous incombe de prendre les pr\u00e9cautions n\u00e9cessaires pour \u00e9viter toute contamination notamment par un ou plusieurs virus.<\/p>\n\n\n\n<p><strong>Donn\u00e9es personnelles<\/strong><\/p>\n\n\n\n<p>Les donn\u00e9es personnelles que vous communiquez sur le site via les formulaires de collecte (contact et Espace Emploi) sont n\u00e9cessaires au traitement de votre demande par l\u2019Editeur qui a la qualit\u00e9 de responsable de traitement. Ces donn\u00e9es sont \u00e9galement susceptibles d\u2019\u00eatre trait\u00e9es \u00e0 des fins statistiques et de prospection commerciale par l\u2019Editeur conform\u00e9ment aux exigences de la r\u00e9glementation applicable en mati\u00e8re de protection des donn\u00e9es \u00e0 caract\u00e8re personnel et notamment au R\u00e8glement G\u00e9n\u00e9ral sur la protection des donn\u00e9es du 27 avril 2016.<\/p>\n\n\n\n<p>Les utilisateurs du site sont inform\u00e9s que les donn\u00e9es personnelles communiqu\u00e9es pourront \u00eatre transmises \u00e0 ses sous-traitants dans le cadre de l\u2019administration du site, aux partenaires et sous-traitants de l\u2019Editeur ainsi qu\u2019aux autorit\u00e9s habilit\u00e9es dans le cadre de l\u2019exercice de leurs missions.<\/p>\n\n\n\n<p>Les donn\u00e9es personnelles des utilisateurs du site sont conserv\u00e9es pour la dur\u00e9e n\u00e9cessaire \u00e0 la poursuite des finalit\u00e9s ci-dessus list\u00e9es, conform\u00e9ment aux d\u00e9lais de prescription l\u00e9gale applicables. Elles sont stock\u00e9es sur un serveur totalement s\u00e9curis\u00e9 et d\u00e9di\u00e9 \u00e0 l&rsquo;\u00c9diteur par son h\u00e9bergeur.<\/p>\n\n\n\n<p>L\u2019utilisateur est inform\u00e9 qu\u2019il dispose des droits suivants&nbsp;:<\/p>\n\n\n\n<ul><li>droit d\u2019acc\u00e8s, de rectification et d\u2019effacement des donn\u00e9es&nbsp;dans les conditions pr\u00e9vues par la r\u00e8glementation&nbsp;;<\/li><li>du droit \u00e0 la limitation du traitement des donn\u00e9es dans les conditions pr\u00e9vues par la r\u00e8glementation&nbsp;;<\/li><li>du droit de retirer son consentement \u00e0 tout moment&nbsp;;<\/li><li>du droit \u00e0 la portabilit\u00e9 des donn\u00e9es&nbsp;;<\/li><li>du droit d\u2019introduire une r\u00e9clamation aupr\u00e8s d\u2019une autorit\u00e9 de contr\u00f4le.<\/li><\/ul>\n\n\n\n<p>Les demandes relatives aux droits list\u00e9s ci-dessus peuvent \u00eatre exerc\u00e9es \u00e0 l\u2019adresse suivante&nbsp;:<\/p>\n\n\n\n<p><em>2 rue de l\u2019ang\u00e9lique \u2013 79 000 BESSINES<\/em><\/p>\n\n\n\n<p><em>contact @ secvergnaud.com<\/em><\/p>\n\n\n\n<p>Pour pouvoir \u00eatre trait\u00e9e, toute demande relative aux droits ci-dessus doit :<\/p>\n\n\n\n<ul><li>pr\u00e9ciser le droit concern\u00e9&nbsp;;<\/li><li>\u00eatre accompagn\u00e9e d\u2019un justificatif d\u2019identit\u00e9 et\/ou de celle du mandataire d\u00e9sign\u00e9 en cas de repr\u00e9sentation.<\/li><\/ul>\n\n\n\n<p><strong>Disponibilit\u00e9 du site web<\/strong><\/p>\n\n\n\n<p>L\u2019Editeur et\/ou ses fournisseurs pourra(ont), \u00e0 tout moment, modifier ou interrompre, temporairement ou de fa\u00e7on permanente, tout ou partie de l\u2019acc\u00e8s au site pour effectuer des op\u00e9rations de maintenance et\/ou effectuer des am\u00e9liorations et\/ou des modifications. L\u2019Editeur n\u2019est pas responsable de toute modification, suspension ou interruption de cet outil.<\/p>\n","protected":false},"excerpt":{"rendered":"<p>Les Mentions L\u00e9gales s\u2019appliquent \u00e0 tout internaute utilisant le pr\u00e9sent site. En le consultant, vous vous engagez sans r\u00e9serve \u00e0 les respecter. Les Mentions L\u00e9gales pouvant \u00eatre modifi\u00e9es \u00e0 tout moment et sans pr\u00e9avis, nous vous engageons \u00e0 les consulter r\u00e9guli\u00e8rement. \u00c9diteur \/ Responsable du site&nbsp;: D\u00e9nomination ou raison sociale&nbsp;:&nbsp;SEC VERGNAUD &amp; Associ\u00e9s Adresse Si\u00e8ge [&hellip;]<\/p>\n","protected":false},"author":1,"featured_media":0,"parent":0,"menu_order":0,"comment_status":"closed","ping_status":"closed","template":"","meta":[],"_links":{"self":[{"href":"https:\/\/www.secvergnaud.com\/index.php\/wp-json\/wp\/v2\/pages\/95287"}],"collection":[{"href":"https:\/\/www.secvergnaud.com\/index.php\/wp-json\/wp\/v2\/pages"}],"about":[{"href":"https:\/\/www.secvergnaud.com\/index.php\/wp-json\/wp\/v2\/types\/page"}],"author":[{"embeddable":true,"href":"https:\/\/www.secvergnaud.com\/index.php\/wp-json\/wp\/v2\/users\/1"}],"replies":[{"embeddable":true,"href":"https:\/\/www.secvergnaud.com\/index.php\/wp-json\/wp\/v2\/comments?post=95287"}],"version-history":[{"count":2,"href":"https:\/\/www.secvergnaud.com\/index.php\/wp-json\/wp\/v2\/pages\/95287\/revisions"}],"predecessor-version":[{"id":95289,"href":"https:\/\/www.secvergnaud.com\/index.php\/wp-json\/wp\/v2\/pages\/95287\/revisions\/95289"}],"wp:attachment":[{"href":"https:\/\/www.secvergnaud.com\/index.php\/wp-json\/wp\/v2\/media?parent=95287"}],"curies":[{"name":"wp","href":"https:\/\/api.w.org\/{rel}","templated":true}]}}